{"id":2685,"date":"2025-07-31T19:54:32","date_gmt":"2025-08-01T00:54:32","guid":{"rendered":"https:\/\/iespadreabad.edu.pe\/?page_id=2685"},"modified":"2025-08-04T12:04:02","modified_gmt":"2025-08-04T17:04:02","slug":"noticias","status":"publish","type":"page","link":"https:\/\/focused-fuchsia-sloth.173-249-54-60.cpanel.site\/?page_id=2685","title":{"rendered":"Noticias"},"content":{"rendered":"\t\t<div data-elementor-type=\"wp-page\" data-elementor-id=\"2685\" class=\"elementor elementor-2685\" data-elementor-post-type=\"page\">\n\t\t\t\t\t\t<section class=\"elementor-section elementor-top-section elementor-element elementor-element-4c62e09 elementor-section-boxed elementor-section-height-default elementor-section-height-default\" data-id=\"4c62e09\" data-element_type=\"section\" data-e-type=\"section\" data-settings=\"{&quot;background_background&quot;:&quot;classic&quot;}\">\n\t\t\t\t\t\t<div class=\"elementor-container elementor-column-gap-default\">\n\t\t\t\t\t<div class=\"elementor-column elementor-col-100 elementor-top-column elementor-element elementor-element-1d5a7c9\" data-id=\"1d5a7c9\" data-element_type=\"column\" data-e-type=\"column\">\n\t\t\t<div class=\"elementor-widget-wrap elementor-element-populated\">\n\t\t\t\t\t\t<section class=\"elementor-section elementor-inner-section elementor-element elementor-element-70dc064 elementor-section-boxed elementor-section-height-default elementor-section-height-default\" data-id=\"70dc064\" data-element_type=\"section\" data-e-type=\"section\">\n\t\t\t\t\t\t<div class=\"elementor-container elementor-column-gap-default\">\n\t\t\t\t\t<div class=\"elementor-column elementor-col-50 elementor-inner-column elementor-element elementor-element-81d4afd\" data-id=\"81d4afd\" data-element_type=\"column\" data-e-type=\"column\">\n\t\t\t<div class=\"elementor-widget-wrap elementor-element-populated\">\n\t\t\t\t\t\t<div class=\"elementor-element elementor-element-fa9e1a1 elementor-widget__width-initial elementor-widget elementor-widget-elementskit-heading\" data-id=\"fa9e1a1\" data-element_type=\"widget\" data-e-type=\"widget\" data-widget_type=\"elementskit-heading.default\">\n\t\t\t\t<div class=\"elementor-widget-container\">\n\t\t\t\t\t<div class=\"ekit-wid-con\" ><div class=\"ekit-heading elementskit-section-title-wraper text_left   ekit_heading_tablet-   ekit_heading_mobile-\"><div class=\"ekit_heading_separetor_wraper ekit_heading_elementskit-border-divider elementskit-style-long\"><div class=\"elementskit-border-divider elementskit-style-long\"><\/div><\/div><h3 class=\"elementskit-section-subtitle  \">\n\t\t\t\t\t\tIESP Padre Abad\n\t\t\t\t\t<\/h3><h2 class=\"ekit-heading--title elementskit-section-title \">Todas las <span>noticias<\/span><\/h2><\/div><\/div>\t\t\t\t<\/div>\n\t\t\t\t<\/div>\n\t\t\t\t\t<\/div>\n\t\t<\/div>\n\t\t\t\t<div class=\"elementor-column elementor-col-50 elementor-inner-column elementor-element elementor-element-05c2f6f\" data-id=\"05c2f6f\" data-element_type=\"column\" data-e-type=\"column\">\n\t\t\t<div class=\"elementor-widget-wrap elementor-element-populated\">\n\t\t\t\t\t\t<div class=\"elementor-element elementor-element-5212e95 elementor-widget__width-initial elementor-widget-divider--separator-type-pattern elementor-widget-divider--no-spacing elementor-widget-divider--view-line elementor-widget elementor-widget-divider\" data-id=\"5212e95\" data-element_type=\"widget\" data-e-type=\"widget\" data-widget_type=\"divider.default\">\n\t\t\t\t<div class=\"elementor-widget-container\">\n\t\t\t\t\t\t\t<div class=\"elementor-divider\" style=\"--divider-pattern-url: url(&quot;data:image\/svg+xml,%3Csvg xmlns=&#039;http:\/\/www.w3.org\/2000\/svg&#039; preserveAspectRatio=&#039;none&#039; overflow=&#039;visible&#039; height=&#039;100%&#039; viewBox=&#039;0 0 24 24&#039; fill=&#039;black&#039; stroke=&#039;none&#039;%3E%3Cpath d=&#039;M24,8v12H0V8H24z M24,4v1H0V4H24z&#039;\/%3E%3C\/svg%3E&quot;);\">\n\t\t\t<span class=\"elementor-divider-separator\">\n\t\t\t\t\t\t<\/span>\n\t\t<\/div>\n\t\t\t\t\t\t<\/div>\n\t\t\t\t<\/div>\n\t\t\t\t\t<\/div>\n\t\t<\/div>\n\t\t\t\t\t<\/div>\n\t\t<\/section>\n\t\t\t\t\t<\/div>\n\t\t<\/div>\n\t\t\t\t\t<\/div>\n\t\t<\/section>\n\t\t<div class=\"elementor-element elementor-element-746a051 e-flex e-con-boxed e-con e-parent\" data-id=\"746a051\" data-element_type=\"container\" data-e-type=\"container\">\n\t\t\t\t\t<div class=\"e-con-inner\">\n\t\t\t\t<div class=\"elementor-element elementor-element-f6977b4 anwp-pg-widget-header-style--b anwp-pg-post-teaser__post-icon--size-16 elementor-widget elementor-widget-anwp-pg-classic-blog\" data-id=\"f6977b4\" data-element_type=\"widget\" data-e-type=\"widget\" data-widget_type=\"anwp-pg-classic-blog.default\">\n\t\t\t\t<div class=\"elementor-widget-container\">\n\t\t\t\t\t<div class=\"anwp-pg-wrap\">\n\n\t\n\t<div class=\"anwp-pg-classic-blog anwp-pg-posts-wrapper\">\n\t\t<div class=\"anwp-pg-post-teaser anwp-pg-post-teaser--layout-classic anwp-row anwp-no-gutters\">\n\n\t\t\t<div class=\"anwp-pg-post-teaser__thumbnail position-relative mb-2 mb-md-0 anwp-col-md-4\">\n\t\t\t\t\t\t\t<div class=\"anwp-pg-post-teaser__top-meta d-flex flex-column anwp-pg-post-teaser__category-column mr-auto\">\n\t\t\t\t\t<div class=\"anwp-pg-category__wrapper-filled px-2 d-flex align-items-center anwp-pg-post-teaser__category-wrapper align-self-start anwp-pg-category-parent-0\" style=\"background-color: #1565C0\"><span>Capacitaciones<\/span><\/div>\t\t\t\t<\/div>\n\t\t\t\t\n\t\t\t<img decoding=\"async\" loading=\"lazy\" src=\"https:\/\/focused-fuchsia-sloth.173-249-54-60.cpanel.site\/wp-content\/uploads\/2026\/04\/TALLER-OFIMATICA_FOTO_01-300x225.jpg\"\/>\n\n\t\t\t<div class=\"anwp-pg-post-teaser__thumbnail-classic-bg anwp-position-cover\"><\/div>\n\n\t\t\t<a class=\"anwp-position-cover anwp-link-without-effects\" href=\"https:\/\/focused-fuchsia-sloth.173-249-54-60.cpanel.site\/?p=3993\" aria-hidden=\"true\" ><\/a>\n\t\t<\/div>\n\t\n\t<div class=\"anwp-pg-post-teaser__content anwp-col-md-8\">\n\n\t\t<div class=\"anwp-pg-post-teaser__title anwp-font-heading my-2\">\n\t\t\t<a class=\"anwp-link-without-effects\" href=\"https:\/\/focused-fuchsia-sloth.173-249-54-60.cpanel.site\/?p=3993\" aria-hidden=\"true\" >\n\t\t\t\tDesarrollo del Curso Taller &#8211; OFIMATICA &#8211; Herramientas Digitales &#8211; IESPPA 2026 -I\t\t\t<\/a>\n\t\t<\/div>\n\n\t\t<div class=\"anwp-pg-post-teaser__bottom-meta d-flex flex-wrap\">\n\n\t\t\t\t\t\t\t<div class=\"anwp-pg-post-teaser__bottom-meta-item d-flex align-items-center mr-4\">\n\t\t\t\t\t<svg class=\"anwp-pg-icon anwp-pg-icon--s16 mr-2\">\n\t\t\t\t\t\t<use xlink:href=\"#icon-anwp-pg-person\"><\/use>\n\t\t\t\t\t<\/svg>\n\t\t\t\t\tAMINISTRACI\u00d3N IESP PADRE ABAD\t\t\t\t<\/div>\n\t\t\t\n\t\t\t\t\t\t\t<div class=\"anwp-pg-post-teaser__bottom-meta-item d-flex align-items-center mr-4\">\n\t\t\t\t\t<svg class=\"anwp-pg-icon anwp-pg-icon--s16 mr-2\">\n\t\t\t\t\t\t<use xlink:href=\"#icon-anwp-pg-calendar\"><\/use>\n\t\t\t\t\t<\/svg>\n\t\t\t\t\t<span class=\"screen-reader-text\">Posted on<\/span><time class=\"anwp-pg-published\" datetime=\"2026-04-22T19:37:46-05:00\">22 abril, 2026<\/time><time class=\"anwp-pg-updated\" datetime=\"2026-04-22T20:00:07-05:00\">22 abril, 2026<\/time>\t\t\t\t<\/div>\n\t\t\t\t\t\t<\/div>\n\n\t\t<div class=\"anwp-pg-post-teaser__excerpt mt-2\">\n\t\t\tIESPPA &#8211; 2026 &#8211; I Desarrollo del Taller de OFIMATICA Desarrollo del Taller de Ofim\u00e1tica de forma practica y din\u00e1mica aplicando herramientas digitales en situaciones reales del entorno profesional. Cada ...\t\t<\/div>\n\n\t\t\t<\/div>\n<\/div>\n<div class=\"anwp-pg-post-teaser anwp-pg-post-teaser--layout-classic anwp-row anwp-no-gutters\">\n\n\t\t\t<div class=\"anwp-pg-post-teaser__thumbnail position-relative mb-2 mb-md-0 anwp-col-md-4\">\n\t\t\t\t\t\t\t<div class=\"anwp-pg-post-teaser__top-meta d-flex flex-column anwp-pg-post-teaser__category-column mr-auto\">\n\t\t\t\t\t<div class=\"anwp-pg-category__wrapper-filled px-2 d-flex align-items-center anwp-pg-post-teaser__category-wrapper align-self-start anwp-pg-category-parent-0\" style=\"background-color: #1565C0\"><span>Capacitaciones<\/span><\/div>\t\t\t\t<\/div>\n\t\t\t\t\n\t\t\t<img decoding=\"async\" loading=\"lazy\" src=\"https:\/\/focused-fuchsia-sloth.173-249-54-60.cpanel.site\/wp-content\/uploads\/2026\/04\/TALLER_OFIMATICA-212x300.jpeg\"\/>\n\n\t\t\t<div class=\"anwp-pg-post-teaser__thumbnail-classic-bg anwp-position-cover\"><\/div>\n\n\t\t\t<a class=\"anwp-position-cover anwp-link-without-effects\" href=\"https:\/\/focused-fuchsia-sloth.173-249-54-60.cpanel.site\/?p=3969\" aria-hidden=\"true\" ><\/a>\n\t\t<\/div>\n\t\n\t<div class=\"anwp-pg-post-teaser__content anwp-col-md-8\">\n\n\t\t<div class=\"anwp-pg-post-teaser__title anwp-font-heading my-2\">\n\t\t\t<a class=\"anwp-link-without-effects\" href=\"https:\/\/focused-fuchsia-sloth.173-249-54-60.cpanel.site\/?p=3969\" aria-hidden=\"true\" >\n\t\t\t\tTaller de OFIMATICA &#8211; Impulsando la Competencia Tecnol\u00f3gica en la Educaci\u00f3n Superior\t\t\t<\/a>\n\t\t<\/div>\n\n\t\t<div class=\"anwp-pg-post-teaser__bottom-meta d-flex flex-wrap\">\n\n\t\t\t\t\t\t\t<div class=\"anwp-pg-post-teaser__bottom-meta-item d-flex align-items-center mr-4\">\n\t\t\t\t\t<svg class=\"anwp-pg-icon anwp-pg-icon--s16 mr-2\">\n\t\t\t\t\t\t<use xlink:href=\"#icon-anwp-pg-person\"><\/use>\n\t\t\t\t\t<\/svg>\n\t\t\t\t\tAMINISTRACI\u00d3N IESP PADRE ABAD\t\t\t\t<\/div>\n\t\t\t\n\t\t\t\t\t\t\t<div class=\"anwp-pg-post-teaser__bottom-meta-item d-flex align-items-center mr-4\">\n\t\t\t\t\t<svg class=\"anwp-pg-icon anwp-pg-icon--s16 mr-2\">\n\t\t\t\t\t\t<use xlink:href=\"#icon-anwp-pg-calendar\"><\/use>\n\t\t\t\t\t<\/svg>\n\t\t\t\t\t<span class=\"screen-reader-text\">Posted on<\/span><time class=\"anwp-pg-published\" datetime=\"2026-04-21T19:13:13-05:00\">21 abril, 2026<\/time><time class=\"anwp-pg-updated\" datetime=\"2026-04-22T19:18:32-05:00\">22 abril, 2026<\/time>\t\t\t\t<\/div>\n\t\t\t\t\t\t<\/div>\n\n\t\t<div class=\"anwp-pg-post-teaser__excerpt mt-2\">\n\t\t\tIESPPA &#8211; 2026 &#8211; I Taller de OFIMATICA Participa en el Taller de Ofim\u00e1tica y fortalece habilidades digitales clave para tu desarrollo acad\u00e9mico y profesional en un entorno cada vez ...\t\t<\/div>\n\n\t\t\t<\/div>\n<\/div>\n<div class=\"anwp-pg-post-teaser anwp-pg-post-teaser--layout-classic anwp-row anwp-no-gutters\">\n\n\t\t\t<div class=\"anwp-pg-post-teaser__thumbnail position-relative mb-2 mb-md-0 anwp-col-md-4\">\n\t\t\t\t\t\t\t<div class=\"anwp-pg-post-teaser__top-meta d-flex flex-column anwp-pg-post-teaser__category-column mr-auto\">\n\t\t\t\t\t<div class=\"anwp-pg-category__wrapper-filled px-2 d-flex align-items-center anwp-pg-post-teaser__category-wrapper align-self-start anwp-pg-category-parent-0\" style=\"background-color: #1565C0\"><span>Eventos<\/span><\/div>\t\t\t\t<\/div>\n\t\t\t\t\n\t\t\t<img decoding=\"async\" loading=\"lazy\" src=\"https:\/\/focused-fuchsia-sloth.173-249-54-60.cpanel.site\/wp-content\/uploads\/2026\/04\/20260417_194826-300x225.jpg\"\/>\n\n\t\t\t<div class=\"anwp-pg-post-teaser__thumbnail-classic-bg anwp-position-cover\"><\/div>\n\n\t\t\t<a class=\"anwp-position-cover anwp-link-without-effects\" href=\"https:\/\/focused-fuchsia-sloth.173-249-54-60.cpanel.site\/?p=3963\" aria-hidden=\"true\" ><\/a>\n\t\t<\/div>\n\t\n\t<div class=\"anwp-pg-post-teaser__content anwp-col-md-8\">\n\n\t\t<div class=\"anwp-pg-post-teaser__title anwp-font-heading my-2\">\n\t\t\t<a class=\"anwp-link-without-effects\" href=\"https:\/\/focused-fuchsia-sloth.173-249-54-60.cpanel.site\/?p=3963\" aria-hidden=\"true\" >\n\t\t\t\tCelebraci\u00f3n del 26\u00b0 Aniversario del IESPPA &#8211; Compromiso con la Excelencia Educativa\t\t\t<\/a>\n\t\t<\/div>\n\n\t\t<div class=\"anwp-pg-post-teaser__bottom-meta d-flex flex-wrap\">\n\n\t\t\t\t\t\t\t<div class=\"anwp-pg-post-teaser__bottom-meta-item d-flex align-items-center mr-4\">\n\t\t\t\t\t<svg class=\"anwp-pg-icon anwp-pg-icon--s16 mr-2\">\n\t\t\t\t\t\t<use xlink:href=\"#icon-anwp-pg-person\"><\/use>\n\t\t\t\t\t<\/svg>\n\t\t\t\t\tAMINISTRACI\u00d3N IESP PADRE ABAD\t\t\t\t<\/div>\n\t\t\t\n\t\t\t\t\t\t\t<div class=\"anwp-pg-post-teaser__bottom-meta-item d-flex align-items-center mr-4\">\n\t\t\t\t\t<svg class=\"anwp-pg-icon anwp-pg-icon--s16 mr-2\">\n\t\t\t\t\t\t<use xlink:href=\"#icon-anwp-pg-calendar\"><\/use>\n\t\t\t\t\t<\/svg>\n\t\t\t\t\t<span class=\"screen-reader-text\">Posted on<\/span><time class=\"anwp-pg-published\" datetime=\"2026-04-17T18:00:00-05:00\">17 abril, 2026<\/time><time class=\"anwp-pg-updated\" datetime=\"2026-04-19T13:44:06-05:00\">19 abril, 2026<\/time>\t\t\t\t<\/div>\n\t\t\t\t\t\t<\/div>\n\n\t\t<div class=\"anwp-pg-post-teaser__excerpt mt-2\">\n\t\t\tCONMEMORAMOS EL 26\u00b0 ANIVERSARIO DEL IESPPA Celebramos 26 a\u00f1os de formaci\u00f3n profesional y compromiso educativo El Instituto de Educaci\u00f3n Superior P\u00fablico Padre Abad conmemora hoy su 26\u00b0 aniversario institucional, celebrando ...\t\t<\/div>\n\n\t\t\t<\/div>\n<\/div>\n<div class=\"anwp-pg-post-teaser anwp-pg-post-teaser--layout-classic anwp-row anwp-no-gutters\">\n\n\t\t\t<div class=\"anwp-pg-post-teaser__thumbnail position-relative mb-2 mb-md-0 anwp-col-md-4\">\n\t\t\t\t\t\t\t<div class=\"anwp-pg-post-teaser__top-meta d-flex flex-column anwp-pg-post-teaser__category-column mr-auto\">\n\t\t\t\t\t<div class=\"anwp-pg-category__wrapper-filled px-2 d-flex align-items-center anwp-pg-post-teaser__category-wrapper align-self-start anwp-pg-category-parent-0\" style=\"background-color: #1565C0\"><span>Eventos<\/span><\/div>\t\t\t\t<\/div>\n\t\t\t\t\n\t\t\t<img decoding=\"async\" loading=\"lazy\" src=\"https:\/\/focused-fuchsia-sloth.173-249-54-60.cpanel.site\/wp-content\/uploads\/2026\/04\/WhatsApp-Image-2026-04-08-at-9.27.34-AM-300x225.jpeg\"\/>\n\n\t\t\t<div class=\"anwp-pg-post-teaser__thumbnail-classic-bg anwp-position-cover\"><\/div>\n\n\t\t\t<a class=\"anwp-position-cover anwp-link-without-effects\" href=\"https:\/\/focused-fuchsia-sloth.173-249-54-60.cpanel.site\/?p=3888\" aria-hidden=\"true\" ><\/a>\n\t\t<\/div>\n\t\n\t<div class=\"anwp-pg-post-teaser__content anwp-col-md-8\">\n\n\t\t<div class=\"anwp-pg-post-teaser__title anwp-font-heading my-2\">\n\t\t\t<a class=\"anwp-link-without-effects\" href=\"https:\/\/focused-fuchsia-sloth.173-249-54-60.cpanel.site\/?p=3888\" aria-hidden=\"true\" >\n\t\t\t\tInicio del Per\u00edodo Acad\u00e9mico IESPPA &#8211; 2026 &#8211; I: Bienvenidos a una nueva etapa de formaci\u00f3n profesional\t\t\t<\/a>\n\t\t<\/div>\n\n\t\t<div class=\"anwp-pg-post-teaser__bottom-meta d-flex flex-wrap\">\n\n\t\t\t\t\t\t\t<div class=\"anwp-pg-post-teaser__bottom-meta-item d-flex align-items-center mr-4\">\n\t\t\t\t\t<svg class=\"anwp-pg-icon anwp-pg-icon--s16 mr-2\">\n\t\t\t\t\t\t<use xlink:href=\"#icon-anwp-pg-person\"><\/use>\n\t\t\t\t\t<\/svg>\n\t\t\t\t\tAMINISTRACI\u00d3N IESP PADRE ABAD\t\t\t\t<\/div>\n\t\t\t\n\t\t\t\t\t\t\t<div class=\"anwp-pg-post-teaser__bottom-meta-item d-flex align-items-center mr-4\">\n\t\t\t\t\t<svg class=\"anwp-pg-icon anwp-pg-icon--s16 mr-2\">\n\t\t\t\t\t\t<use xlink:href=\"#icon-anwp-pg-calendar\"><\/use>\n\t\t\t\t\t<\/svg>\n\t\t\t\t\t<span class=\"screen-reader-text\">Posted on<\/span><time class=\"anwp-pg-published\" datetime=\"2026-04-06T15:00:00-05:00\">6 abril, 2026<\/time><time class=\"anwp-pg-updated\" datetime=\"2026-04-08T11:40:31-05:00\">8 abril, 2026<\/time>\t\t\t\t<\/div>\n\t\t\t\t\t\t<\/div>\n\n\t\t<div class=\"anwp-pg-post-teaser__excerpt mt-2\">\n\t\t\tinciamos el periodo academico iesppa &#8211; 2026 -i Bienvenidos a una nueva etapa de formaci\u00f3n profesional El Instituto de Educaci\u00f3n Superior P\u00fablico Padre Abad da inicio hoy, 06 de abril ...\t\t<\/div>\n\n\t\t\t<\/div>\n<\/div>\n<div class=\"anwp-pg-post-teaser anwp-pg-post-teaser--layout-classic anwp-row anwp-no-gutters\">\n\n\t\t\t<div class=\"anwp-pg-post-teaser__thumbnail position-relative mb-2 mb-md-0 anwp-col-md-4\">\n\t\t\t\t\t\t\t<div class=\"anwp-pg-post-teaser__top-meta d-flex flex-column anwp-pg-post-teaser__category-column mr-auto\">\n\t\t\t\t\t<div class=\"anwp-pg-category__wrapper-filled px-2 d-flex align-items-center anwp-pg-post-teaser__category-wrapper align-self-start anwp-pg-category-parent-0\" style=\"background-color: #1565C0\"><span>Matricula<\/span><\/div>\t\t\t\t<\/div>\n\t\t\t\t\n\t\t\t<img decoding=\"async\" loading=\"lazy\" src=\"https:\/\/focused-fuchsia-sloth.173-249-54-60.cpanel.site\/wp-content\/uploads\/2026\/03\/Cronograma-de-Matricula-212x300.jpeg\"\/>\n\n\t\t\t<div class=\"anwp-pg-post-teaser__thumbnail-classic-bg anwp-position-cover\"><\/div>\n\n\t\t\t<a class=\"anwp-position-cover anwp-link-without-effects\" href=\"https:\/\/focused-fuchsia-sloth.173-249-54-60.cpanel.site\/?p=3798\" aria-hidden=\"true\" ><\/a>\n\t\t<\/div>\n\t\n\t<div class=\"anwp-pg-post-teaser__content anwp-col-md-8\">\n\n\t\t<div class=\"anwp-pg-post-teaser__title anwp-font-heading my-2\">\n\t\t\t<a class=\"anwp-link-without-effects\" href=\"https:\/\/focused-fuchsia-sloth.173-249-54-60.cpanel.site\/?p=3798\" aria-hidden=\"true\" >\n\t\t\t\tCronograma de matr\u00edcula IESPPA &#8211; 2026 &#8211; I\t\t\t<\/a>\n\t\t<\/div>\n\n\t\t<div class=\"anwp-pg-post-teaser__bottom-meta d-flex flex-wrap\">\n\n\t\t\t\t\t\t\t<div class=\"anwp-pg-post-teaser__bottom-meta-item d-flex align-items-center mr-4\">\n\t\t\t\t\t<svg class=\"anwp-pg-icon anwp-pg-icon--s16 mr-2\">\n\t\t\t\t\t\t<use xlink:href=\"#icon-anwp-pg-person\"><\/use>\n\t\t\t\t\t<\/svg>\n\t\t\t\t\tAMINISTRACI\u00d3N IESP PADRE ABAD\t\t\t\t<\/div>\n\t\t\t\n\t\t\t\t\t\t\t<div class=\"anwp-pg-post-teaser__bottom-meta-item d-flex align-items-center mr-4\">\n\t\t\t\t\t<svg class=\"anwp-pg-icon anwp-pg-icon--s16 mr-2\">\n\t\t\t\t\t\t<use xlink:href=\"#icon-anwp-pg-calendar\"><\/use>\n\t\t\t\t\t<\/svg>\n\t\t\t\t\t<span class=\"screen-reader-text\">Posted on<\/span><time class=\"anwp-pg-published\" datetime=\"2026-03-25T09:30:18-05:00\">25 marzo, 2026<\/time><time class=\"anwp-pg-updated\" datetime=\"2026-03-25T10:21:22-05:00\">25 marzo, 2026<\/time>\t\t\t\t<\/div>\n\t\t\t\t\t\t<\/div>\n\n\t\t<div class=\"anwp-pg-post-teaser__excerpt mt-2\">\n\t\t\tIESPPA &#8211; 2026 &#8211; I Cronograma de matr\u00edcula Se informa a los estudiantes que el proceso de matr\u00edcula correspondiente al presente periodo acad\u00e9mico se realizar\u00e1 en las fechas establecidas por ...\t\t<\/div>\n\n\t\t\t<\/div>\n<\/div>\n<div class=\"anwp-pg-post-teaser anwp-pg-post-teaser--layout-classic anwp-row anwp-no-gutters\">\n\n\t\t\t<div class=\"anwp-pg-post-teaser__thumbnail position-relative mb-2 mb-md-0 anwp-col-md-4\">\n\t\t\t\t\t\t\t<div class=\"anwp-pg-post-teaser__top-meta d-flex flex-column anwp-pg-post-teaser__category-column mr-auto\">\n\t\t\t\t\t<div class=\"anwp-pg-category__wrapper-filled px-2 d-flex align-items-center anwp-pg-post-teaser__category-wrapper align-self-start anwp-pg-category-parent-0\" style=\"background-color: #1565C0\"><span>Eventos<\/span><\/div>\t\t\t\t<\/div>\n\t\t\t\t\n\t\t\t<img decoding=\"async\" loading=\"lazy\" src=\"https:\/\/focused-fuchsia-sloth.173-249-54-60.cpanel.site\/wp-content\/uploads\/2026\/03\/WhatsApp-Image-2026-03-06-at-12.08.46-PM-300x225.jpeg\"\/>\n\n\t\t\t<div class=\"anwp-pg-post-teaser__thumbnail-classic-bg anwp-position-cover\"><\/div>\n\n\t\t\t<a class=\"anwp-position-cover anwp-link-without-effects\" href=\"https:\/\/focused-fuchsia-sloth.173-249-54-60.cpanel.site\/?p=3705\" aria-hidden=\"true\" ><\/a>\n\t\t<\/div>\n\t\n\t<div class=\"anwp-pg-post-teaser__content anwp-col-md-8\">\n\n\t\t<div class=\"anwp-pg-post-teaser__title anwp-font-heading my-2\">\n\t\t\t<a class=\"anwp-link-without-effects\" href=\"https:\/\/focused-fuchsia-sloth.173-249-54-60.cpanel.site\/?p=3705\" aria-hidden=\"true\" >\n\t\t\t\tConmemoramos el d\u00eda internacional de la mujer en nuestra Instituci\u00f3n\t\t\t<\/a>\n\t\t<\/div>\n\n\t\t<div class=\"anwp-pg-post-teaser__bottom-meta d-flex flex-wrap\">\n\n\t\t\t\t\t\t\t<div class=\"anwp-pg-post-teaser__bottom-meta-item d-flex align-items-center mr-4\">\n\t\t\t\t\t<svg class=\"anwp-pg-icon anwp-pg-icon--s16 mr-2\">\n\t\t\t\t\t\t<use xlink:href=\"#icon-anwp-pg-person\"><\/use>\n\t\t\t\t\t<\/svg>\n\t\t\t\t\tAMINISTRACI\u00d3N IESP PADRE ABAD\t\t\t\t<\/div>\n\t\t\t\n\t\t\t\t\t\t\t<div class=\"anwp-pg-post-teaser__bottom-meta-item d-flex align-items-center mr-4\">\n\t\t\t\t\t<svg class=\"anwp-pg-icon anwp-pg-icon--s16 mr-2\">\n\t\t\t\t\t\t<use xlink:href=\"#icon-anwp-pg-calendar\"><\/use>\n\t\t\t\t\t<\/svg>\n\t\t\t\t\t<span class=\"screen-reader-text\">Posted on<\/span><time class=\"anwp-pg-published\" datetime=\"2026-03-06T23:11:42-05:00\">6 marzo, 2026<\/time><time class=\"anwp-pg-updated\" datetime=\"2026-04-08T11:39:06-05:00\">8 abril, 2026<\/time>\t\t\t\t<\/div>\n\t\t\t\t\t\t<\/div>\n\n\t\t<div class=\"anwp-pg-post-teaser__excerpt mt-2\">\n\t\t\tConmemoramos el d\u00eda internacional de la Mujer en nuestra Instituci\u00f3n En conmemoraci\u00f3n del D\u00eda Internacional de la Mujer, que se celebra cada 8 de marzo, nuestra instituci\u00f3n realiz\u00f3 hoy una ...\t\t<\/div>\n\n\t\t\t<\/div>\n<\/div>\n<div class=\"anwp-pg-post-teaser anwp-pg-post-teaser--layout-classic anwp-row anwp-no-gutters\">\n\n\t\t\t<div class=\"anwp-pg-post-teaser__thumbnail position-relative mb-2 mb-md-0 anwp-col-md-4\">\n\t\t\t\t\t\t\t<div class=\"anwp-pg-post-teaser__top-meta d-flex flex-column anwp-pg-post-teaser__category-column mr-auto\">\n\t\t\t\t\t<div class=\"anwp-pg-category__wrapper-filled px-2 d-flex align-items-center anwp-pg-post-teaser__category-wrapper align-self-start anwp-pg-category-parent-0\" style=\"background-color: #1565C0\"><span>Eventos<\/span><\/div>\t\t\t\t<\/div>\n\t\t\t\t\n\t\t\t<img decoding=\"async\" loading=\"lazy\" src=\"https:\/\/focused-fuchsia-sloth.173-249-54-60.cpanel.site\/wp-content\/uploads\/2026\/02\/Entrega-bachiller-2025-4-300x225.jpeg\"\/>\n\n\t\t\t<div class=\"anwp-pg-post-teaser__thumbnail-classic-bg anwp-position-cover\"><\/div>\n\n\t\t\t<a class=\"anwp-position-cover anwp-link-without-effects\" href=\"https:\/\/focused-fuchsia-sloth.173-249-54-60.cpanel.site\/?p=3570\" aria-hidden=\"true\" ><\/a>\n\t\t<\/div>\n\t\n\t<div class=\"anwp-pg-post-teaser__content anwp-col-md-8\">\n\n\t\t<div class=\"anwp-pg-post-teaser__title anwp-font-heading my-2\">\n\t\t\t<a class=\"anwp-link-without-effects\" href=\"https:\/\/focused-fuchsia-sloth.173-249-54-60.cpanel.site\/?p=3570\" aria-hidden=\"true\" >\n\t\t\t\tCeremonia de Entrega de Grados de Bachiller 2025 \u2013 IES P\u00fablico Padre Abad\t\t\t<\/a>\n\t\t<\/div>\n\n\t\t<div class=\"anwp-pg-post-teaser__bottom-meta d-flex flex-wrap\">\n\n\t\t\t\t\t\t\t<div class=\"anwp-pg-post-teaser__bottom-meta-item d-flex align-items-center mr-4\">\n\t\t\t\t\t<svg class=\"anwp-pg-icon anwp-pg-icon--s16 mr-2\">\n\t\t\t\t\t\t<use xlink:href=\"#icon-anwp-pg-person\"><\/use>\n\t\t\t\t\t<\/svg>\n\t\t\t\t\tAMINISTRACI\u00d3N IESP PADRE ABAD\t\t\t\t<\/div>\n\t\t\t\n\t\t\t\t\t\t\t<div class=\"anwp-pg-post-teaser__bottom-meta-item d-flex align-items-center mr-4\">\n\t\t\t\t\t<svg class=\"anwp-pg-icon anwp-pg-icon--s16 mr-2\">\n\t\t\t\t\t\t<use xlink:href=\"#icon-anwp-pg-calendar\"><\/use>\n\t\t\t\t\t<\/svg>\n\t\t\t\t\t<span class=\"screen-reader-text\">Posted on<\/span><time class=\"anwp-pg-published\" datetime=\"2026-02-08T01:11:04-05:00\">8 febrero, 2026<\/time><time class=\"anwp-pg-updated\" datetime=\"2026-02-08T01:18:04-05:00\">8 febrero, 2026<\/time>\t\t\t\t<\/div>\n\t\t\t\t\t\t<\/div>\n\n\t\t<div class=\"anwp-pg-post-teaser__excerpt mt-2\">\n\t\t\tCeremonia de Entrega de Grados de Bachiller 2025 IESP Padre Abad Entrega-bachiller-2025-1 Entrega-bachiller-2025-2 Entrega-bachiller-2025-4 Entrega-bachiller-2025-3 Entrega-bachiller-2025-5 Entrega-bachiller-2025-6 Entrega-bachiller-2025-7\t\t<\/div>\n\n\t\t\t<\/div>\n<\/div>\n<div class=\"anwp-pg-post-teaser anwp-pg-post-teaser--layout-classic anwp-row anwp-no-gutters\">\n\n\t\t\t<div class=\"anwp-pg-post-teaser__thumbnail position-relative mb-2 mb-md-0 anwp-col-md-4\">\n\t\t\t\t\t\t\t<div class=\"anwp-pg-post-teaser__top-meta d-flex flex-column anwp-pg-post-teaser__category-column mr-auto\">\n\t\t\t\t\t<div class=\"anwp-pg-category__wrapper-filled px-2 d-flex align-items-center anwp-pg-post-teaser__category-wrapper align-self-start anwp-pg-category-parent-0\" style=\"background-color: #1565C0\"><span>Admision<\/span><\/div>\t\t\t\t<\/div>\n\t\t\t\t\n\t\t\t<img decoding=\"async\" loading=\"lazy\" src=\"https:\/\/focused-fuchsia-sloth.173-249-54-60.cpanel.site\/wp-content\/uploads\/2026\/01\/Examen-admision-2026-2-212x300.jpeg\"\/>\n\n\t\t\t<div class=\"anwp-pg-post-teaser__thumbnail-classic-bg anwp-position-cover\"><\/div>\n\n\t\t\t<a class=\"anwp-position-cover anwp-link-without-effects\" href=\"https:\/\/focused-fuchsia-sloth.173-249-54-60.cpanel.site\/?p=3321\" aria-hidden=\"true\" ><\/a>\n\t\t<\/div>\n\t\n\t<div class=\"anwp-pg-post-teaser__content anwp-col-md-8\">\n\n\t\t<div class=\"anwp-pg-post-teaser__title anwp-font-heading my-2\">\n\t\t\t<a class=\"anwp-link-without-effects\" href=\"https:\/\/focused-fuchsia-sloth.173-249-54-60.cpanel.site\/?p=3321\" aria-hidden=\"true\" >\n\t\t\t\tExamen de admisi\u00f3n 2026\t\t\t<\/a>\n\t\t<\/div>\n\n\t\t<div class=\"anwp-pg-post-teaser__bottom-meta d-flex flex-wrap\">\n\n\t\t\t\t\t\t\t<div class=\"anwp-pg-post-teaser__bottom-meta-item d-flex align-items-center mr-4\">\n\t\t\t\t\t<svg class=\"anwp-pg-icon anwp-pg-icon--s16 mr-2\">\n\t\t\t\t\t\t<use xlink:href=\"#icon-anwp-pg-person\"><\/use>\n\t\t\t\t\t<\/svg>\n\t\t\t\t\tAMINISTRACI\u00d3N IESP PADRE ABAD\t\t\t\t<\/div>\n\t\t\t\n\t\t\t\t\t\t\t<div class=\"anwp-pg-post-teaser__bottom-meta-item d-flex align-items-center mr-4\">\n\t\t\t\t\t<svg class=\"anwp-pg-icon anwp-pg-icon--s16 mr-2\">\n\t\t\t\t\t\t<use xlink:href=\"#icon-anwp-pg-calendar\"><\/use>\n\t\t\t\t\t<\/svg>\n\t\t\t\t\t<span class=\"screen-reader-text\">Posted on<\/span><time class=\"anwp-pg-published\" datetime=\"2026-01-07T13:13:19-05:00\">7 enero, 2026<\/time><time class=\"anwp-pg-updated\" datetime=\"2026-01-07T14:04:49-05:00\">7 enero, 2026<\/time>\t\t\t\t<\/div>\n\t\t\t\t\t\t<\/div>\n\n\t\t<div class=\"anwp-pg-post-teaser__excerpt mt-2\">\n\t\t\tExamen de admisi\u00f3n 2026 IESP PADRE ABAD El Instituto de Educaci\u00f3n Superior P\u00fablico Padre Abad invita a todos los j\u00f3venes y p\u00fablico en general a participar en el Examen de ...\t\t<\/div>\n\n\t\t\t<\/div>\n<\/div>\n\t<\/div>\n\t\n\t<nav aria-label=\"anwp-pg-pagination-navigation\" class=\"anwp-pg-pagination-navigation position-relative\">\n\t<ul class=\"anwp-pg-pagination mx-0 justify-content-center flex-wrap\"\n\t\tdata-anwp-show_previous=\"yes\"\n\t\tdata-anwp-show_next=\"yes\"\n\t\tdata-anwp-show_first_ellipsis=\"yes\"\n\t\tdata-anwp-show_last_ellipsis=\"yes\"\n\t\tdata-anwp-auto_hide_previous=\"no\"\n\t\tdata-anwp-auto_hide_next=\"no\"\n\t\tdata-anwp-show_page_numbers=\"yes\"\n\t\tdata-anwp-page_range=\"2\"\n\t\tdata-anwp-text_previous=\"\"\n\t\tdata-anwp-text_next=\"\"\n\t\tdata-anwp-total=\"5\"\n\t\tdata-anwp-limit=\"8\"\n\t\tdata-anwp-pagination=\"{&quot;posts_to_show&quot;:&quot;latest&quot;,&quot;include_ids&quot;:&quot;&quot;,&quot;exclude_ids&quot;:&quot;&quot;,&quot;exclude_by_category&quot;:&quot;&quot;,&quot;filter_by_category&quot;:&quot;&quot;,&quot;filter_by_tag&quot;:&quot;&quot;,&quot;filter_by_post_format&quot;:&quot;all&quot;,&quot;filter_by_author&quot;:&quot;&quot;,&quot;published_in_last_days&quot;:0,&quot;limit&quot;:8,&quot;offset&quot;:0,&quot;grid_cols&quot;:3,&quot;grid_cols_tablet&quot;:2,&quot;grid_cols_mobile&quot;:1,&quot;grid_thumbnail_size&quot;:&quot;medium&quot;,&quot;show_category&quot;:&quot;yes&quot;,&quot;category_limit&quot;:1,&quot;show_date&quot;:&quot;yes&quot;,&quot;show_author&quot;:&quot;yes&quot;,&quot;show_comments&quot;:&quot;yes&quot;,&quot;card_height&quot;:&quot;180&quot;,&quot;show_excerpt&quot;:&quot;yes&quot;,&quot;excerpt_num_words&quot;:30,&quot;excerpt_source&quot;:&quot;&quot;,&quot;excerpt_html&quot;:&quot;no&quot;,&quot;layout&quot;:&quot;classic&quot;,&quot;show_read_more&quot;:&quot;&quot;,&quot;read_more_label&quot;:&quot;&quot;,&quot;read_more_class&quot;:&quot;&quot;,&quot;post_image_width&quot;:&quot;1_3&quot;,&quot;show_post_icon&quot;:&quot;yes&quot;,&quot;query_source&quot;:&quot;posts&quot;,&quot;related_posts&quot;:&quot;&quot;,&quot;related_posts_order&quot;:&quot;&quot;,&quot;card_height_mobile&quot;:&quot;&quot;,&quot;card_height_tablet&quot;:&quot;&quot;,&quot;filter_by_c_tax&quot;:&quot;&quot;,&quot;labels_by_c_tax&quot;:&quot;&quot;}\"><\/ul>\n<\/nav>\n<\/div>\n\t\t\t\t<\/div>\n\t\t\t\t<\/div>\n\t\t\t\t\t<\/div>\n\t\t\t\t<\/div>\n\t\t\t\t<\/div>\n\t\t","protected":false},"excerpt":{"rendered":"<p>IESP Padre Abad Todas las noticias Noticias Proyecci\u00f3n social Junta Vecinal Miguel Grau AMINISTRACI\u00d3N IESP PADRE ABAD Posted on1 agosto, 20254 agosto, 2025 Proyecci\u00f3n social: Junta Vecinal Miguel Grau Los alumnos de Enfermer\u00eda T\u00e9cnica realizaron una destacada proyecci\u00f3n social en la Junta Vecinal Miguel Grau, demostrando solidaridad y compromiso con la comunidad. Su &#8230; Capacitaciones [&hellip;]<\/p>\n","protected":false},"author":2,"featured_media":0,"parent":0,"menu_order":0,"comment_status":"closed","ping_status":"closed","template":"","meta":{"footnotes":""},"class_list":["post-2685","page","type-page","status-publish","hentry"],"_links":{"self":[{"href":"https:\/\/focused-fuchsia-sloth.173-249-54-60.cpanel.site\/index.php?rest_route=\/wp\/v2\/pages\/2685","targetHints":{"allow":["GET"]}}],"collection":[{"href":"https:\/\/focused-fuchsia-sloth.173-249-54-60.cpanel.site\/index.php?rest_route=\/wp\/v2\/pages"}],"about":[{"href":"https:\/\/focused-fuchsia-sloth.173-249-54-60.cpanel.site\/index.php?rest_route=\/wp\/v2\/types\/page"}],"author":[{"embeddable":true,"href":"https:\/\/focused-fuchsia-sloth.173-249-54-60.cpanel.site\/index.php?rest_route=\/wp\/v2\/users\/2"}],"replies":[{"embeddable":true,"href":"https:\/\/focused-fuchsia-sloth.173-249-54-60.cpanel.site\/index.php?rest_route=%2Fwp%2Fv2%2Fcomments&post=2685"}],"version-history":[{"count":28,"href":"https:\/\/focused-fuchsia-sloth.173-249-54-60.cpanel.site\/index.php?rest_route=\/wp\/v2\/pages\/2685\/revisions"}],"predecessor-version":[{"id":2758,"href":"https:\/\/focused-fuchsia-sloth.173-249-54-60.cpanel.site\/index.php?rest_route=\/wp\/v2\/pages\/2685\/revisions\/2758"}],"wp:attachment":[{"href":"https:\/\/focused-fuchsia-sloth.173-249-54-60.cpanel.site\/index.php?rest_route=%2Fwp%2Fv2%2Fmedia&parent=2685"}],"curies":[{"name":"wp","href":"https:\/\/api.w.org\/{rel}","templated":true}]}}